{"id":7818,"date":"2026-04-14T14:17:47","date_gmt":"2026-04-14T14:17:47","guid":{"rendered":"https:\/\/www.nadejart.fr\/boutique\/?post_type=product&#038;p=7818"},"modified":"2026-04-14T15:00:16","modified_gmt":"2026-04-14T15:00:16","slug":"pack-special-fete-des-meres-fetes-des-peres-anniversaire-avec-1-tasse-1-carte-3-stickers-coeurs-colores","status":"publish","type":"product","link":"https:\/\/www.nadejart.fr\/boutique\/produit\/pack-special-fete-des-meres-fetes-des-peres-anniversaire-avec-1-tasse-1-carte-3-stickers-coeurs-colores\/","title":{"rendered":"Pack sp\u00e9cial f\u00eate des m\u00e8res, f\u00eates des p\u00e8res, anniversaire avec 1 tasse + 1 carte + 3 stickers, c\u0153urs color\u00e9s"},"content":{"rendered":"<p><p>Illustrations originales r\u00e9alis\u00e9es \u00e0 l&rsquo;aquarelle.<\/p>\n<p><em>A noter : Des variations de taille, de couleurs et de texture peuvent diff\u00e9rer de l&rsquo;image produit affich\u00e9e.<\/em><br \/>Envoi soign\u00e9 et prot\u00e9g\u00e9 dans une bo\u00eete postale cartonn\u00e9e via collissimo.<\/p>\n<p>\u00a92026 Nadej Gunalp &#8211; Illustratrice ind\u00e9pendante<\/p>\n<br \/>\n<h2>FAQ sur les mugs<\/h2>\n<h3>Est-ce que les mugs passent au lave-vaisselle ?<\/h3>\n<p>Oui, ils supportent tr\u00e8s bien le lavage au lave-vaisselle. <br \/>Pr\u00e9f\u00e9rez n\u00e9anmoins un lavage doux ou bien \u00e0 la main pour conserver les couleurs dans le temps.<\/p>\n<h3>Comment l&rsquo;image est-elle imprim\u00e9e sur la tasse ?<\/h3>\n<p>L&rsquo;image est imprim\u00e9e avec la technique de la sublimation. Cela conf\u00e8re beaucoup de brillance aux couleurs.<\/p>\n<h3>Quel est le transporteur pour vos colis ?<\/h3>\n<p>C&rsquo;est La Poste, les envois de mugs sont r\u00e9alis\u00e9s en Colissimo (avec un num\u00e9ro de suivi).<\/p>\n<h3>La tasse risque-t-elle de se casser pendant le transport ?<\/h3>\n<p>Le mug est tr\u00e8s bien prot\u00e9g\u00e9 dans une bo\u00eete sp\u00e9cialement con\u00e7ue pour le transport de tasse.\u00a0 Comme tout objet transitant par un voyage il peut n\u00e9anmoins arriver qu&rsquo;il y ai des d\u00e9g\u00e2ts (autant que pour un autre produit), dans ce cas le transporteur devra s&rsquo;acquitter du remboursement. Si vous constatez que le carton est ab\u00eem\u00e9 sur l\u2019ext\u00e9rieur n&rsquo;h\u00e9sitez pas \u00e0 le r\u00e9ceptionner en indiquant bien la mention \u00ab\u00a0sous r\u00e9serve\u00a0\u00bb.<\/p>\n<p>A noter qu&rsquo;aucune casse n&rsquo;a jamais \u00e9t\u00e9 signal\u00e9e \u00e0 ce jour \u00e0 la r\u00e9ception de colis !<\/p>\n<h3>Tous les mugs sont-il personnalisables ?<\/h3>\n<p>Les mugs avec les <a href=\"https:\/\/www.nadejart.fr\/boutique\/etiquette-produit\/mug-signe-astrologique\/\">signes astrologiques<\/a> par exemple sont personnalisables. Pour les autres vous pouvez prendre <a href=\"https:\/\/www.nadejart.fr\/boutique\/contact\/\">contact<\/a> pour voir la faisabilit\u00e9.<\/p>\n<p>&nbsp;<\/p>\n<p>&nbsp;<\/p>\n<\/p>\n","protected":false},"excerpt":{"rendered":"<p>Pour cette tasse : des c\u0153urs color\u00e9s de tous les c\u00f4t\u00e9s !<br \/>\nL\u2019illustration est une illustration originale r\u00e9alis\u00e9e \u00e0 l&rsquo;aquarelle puis sublim\u00e9e sur la tasse. Un cadeau vraiment unique et original.<\/p>\n<p>Un pack sp\u00e9cial pour la f\u00eate des m\u00e8res, mais \u00e7a fonctionne aussi pour la f\u00eate des p\u00e8res, les anniversaires, la saint valentin, etc. :<\/p>\n<ul>\n<li>1 tasse avec une illustration originale \u00e0 l&rsquo;aquarelle<\/li>\n<li>1 petite carte associ\u00e9e dans le m\u00eame th\u00e8me pour \u00e9crire un mot allant avec le mug<\/li>\n<li>3 jolis stickers du th\u00e8me (un gros c\u0153ur rouge, un chat bleu avec une fleur, un chat roux avec un c\u0153ur)<\/li>\n<\/ul>\n[code_snippet id=25 format name=\"produitmug3\"]\n","protected":false},"featured_media":7803,"comment_status":"open","ping_status":"closed","template":"","meta":{"_coblocks_attr":"","_coblocks_dimensions":"","_coblocks_responsive_height":"","_coblocks_accordion_ie_support":"","_monsterinsights_skip_tracking":false,"_monsterinsights_sitenote_active":false,"_monsterinsights_sitenote_note":"","_monsterinsights_sitenote_category":0,"site-sidebar-layout":"default","site-content-layout":"","ast-site-content-layout":"default","site-content-style":"default","site-sidebar-style":"default","ast-global-header-display":"","ast-banner-title-visibility":"","ast-main-header-display":"","ast-hfb-above-header-display":"","ast-hfb-below-header-display":"","ast-hfb-mobile-header-display":"","site-post-title":"","ast-breadcrumbs-content":"","ast-featured-img":"","footer-sml-layout":"","ast-disable-related-posts":"","theme-transparent-header-meta":"default","adv-header-id-meta":"","stick-header-meta":"","header-above-stick-meta":"","header-main-stick-meta":"","header-below-stick-meta":"","astra-migrate-meta-layouts":"set","ast-page-background-enabled":"default","ast-page-background-meta":{"desktop":{"background-color":"var(--ast-global-color-5)","background-image":"","background-repeat":"repeat","background-position":"center center","background-size":"auto","background-attachment":"scroll","background-type":"","background-media":"","overlay-type":"","overlay-color":"","overlay-opacity":"","overlay-gradient":""},"tablet":{"background-color":"","background-image":"","background-repeat":"repeat","background-position":"center center","background-size":"auto","background-attachment":"scroll","background-type":"","background-media":"","overlay-type":"","overlay-color":"","overlay-opacity":"","overlay-gradient":""},"mobile":{"background-color":"","background-image":"","background-repeat":"repeat","background-position":"center center","background-size":"auto","background-attachment":"scroll","background-type":"","background-media":"","overlay-type":"","overlay-color":"","overlay-opacity":"","overlay-gradient":""}},"ast-content-background-meta":{"desktop":{"background-color":"var(--ast-global-color-4)","background-image":"","background-repeat":"repeat","background-position":"center center","background-size":"auto","background-attachment":"scroll","background-type":"","background-media":"","overlay-type":"","overlay-color":"","overlay-opacity":"","overlay-gradient":""},"tablet":{"background-color":"var(--ast-global-color-4)","background-image":"","background-repeat":"repeat","background-position":"center center","background-size":"auto","background-attachment":"scroll","background-type":"","background-media":"","overlay-type":"","overlay-color":"","overlay-opacity":"","overlay-gradient":""},"mobile":{"background-color":"var(--ast-global-color-4)","background-image":"","background-repeat":"repeat","background-position":"center center","background-size":"auto","background-attachment":"scroll","background-type":"","background-media":"","overlay-type":"","overlay-color":"","overlay-opacity":"","overlay-gradient":""}}},"product_brand":[],"product_cat":[211,421,474],"product_tag":[109,107,619,617,612,616,61,462,422,615,611,45,614,565],"class_list":{"0":"post-7818","1":"product","2":"type-product","3":"status-publish","4":"has-post-thumbnail","6":"product_cat-aquarelle","7":"product_cat-impression-a-la-demande","8":"product_cat-mugs","9":"product_tag-anniversaire","10":"product_tag-aquarelle","11":"product_tag-coeurs","12":"product_tag-fete-des-grand-meres","13":"product_tag-fete-des-meres","14":"product_tag-fete-des-peres","15":"product_tag-fleur","16":"product_tag-illustration-originale","17":"product_tag-mug","18":"product_tag-mug-illustration-aquarelle","19":"product_tag-pack-fete","20":"product_tag-rouge","21":"product_tag-saint-valentin","22":"product_tag-tasse","23":"product_shipping_class-colissimo-500g","24":"desktop-align-left","25":"tablet-align-left","26":"mobile-align-left","28":"first","29":"instock","30":"shipping-taxable","31":"purchasable","32":"product-type-simple"},"yoast_head":"<!-- This site is optimized with the Yoast SEO plugin v27.5 - https:\/\/yoast.com\/product\/yoast-seo-wordpress\/ -->\n<title>Pack tasse, carte et stickers pour la f\u00eate des m\u00e8res et p\u00e8res - Nadej&#039;Art - Infusions cr\u00e9atives<\/title>\n<meta name=\"description\" content=\"Pour la f\u00eate des m\u00e8res (f\u00eates des p\u00e8res, anniversaire...), un pack comprenant : 1 tasse originale artistique, 1 carte pour \u00e9crire un mot + 3 stickers\" \/>\n<meta name=\"robots\" content=\"index, follow, max-snippet:-1, max-image-preview:large, max-video-preview:-1\" \/>\n<link rel=\"canonical\" href=\"https:\/\/www.nadejart.fr\/boutique\/produit\/pack-special-fete-des-meres-fetes-des-peres-anniversaire-avec-1-tasse-1-carte-3-stickers-coeurs-colores\/\" \/>\n<meta property=\"og:locale\" content=\"fr_FR\" \/>\n<meta property=\"og:type\" content=\"article\" \/>\n<meta property=\"og:title\" content=\"Pack tasse, carte et stickers pour la f\u00eate des m\u00e8res et p\u00e8res - Nadej&#039;Art - Infusions cr\u00e9atives\" \/>\n<meta property=\"og:description\" content=\"Pour la f\u00eate des m\u00e8res (f\u00eates des p\u00e8res, anniversaire...), un pack comprenant : 1 tasse originale artistique, 1 carte pour \u00e9crire un mot + 3 stickers\" \/>\n<meta property=\"og:url\" content=\"https:\/\/www.nadejart.fr\/boutique\/produit\/pack-special-fete-des-meres-fetes-des-peres-anniversaire-avec-1-tasse-1-carte-3-stickers-coeurs-colores\/\" \/>\n<meta property=\"og:site_name\" content=\"Nadej&#039;Art - Infusions cr\u00e9atives\" \/>\n<meta property=\"article:modified_time\" content=\"2026-04-14T15:00:16+00:00\" \/>\n<meta property=\"og:image\" content=\"https:\/\/www.nadejart.fr\/boutique\/wp-content\/uploads\/2026\/04\/mug-coeurs-couleurs2.jpg\" \/>\n\t<meta property=\"og:image:width\" content=\"600\" \/>\n\t<meta property=\"og:image:height\" content=\"600\" \/>\n\t<meta property=\"og:image:type\" content=\"image\/jpeg\" \/>\n<meta name=\"twitter:card\" content=\"summary_large_image\" \/>\n<meta name=\"twitter:label1\" content=\"Dur\u00e9e de lecture estim\u00e9e\" \/>\n\t<meta name=\"twitter:data1\" content=\"1 minute\" \/>\n<script type=\"application\/ld+json\" class=\"yoast-schema-graph\">{\"@context\":\"https:\\\/\\\/schema.org\",\"@graph\":[{\"@type\":\"WebPage\",\"@id\":\"https:\\\/\\\/www.nadejart.fr\\\/boutique\\\/produit\\\/pack-special-fete-des-meres-fetes-des-peres-anniversaire-avec-1-tasse-1-carte-3-stickers-coeurs-colores\\\/\",\"url\":\"https:\\\/\\\/www.nadejart.fr\\\/boutique\\\/produit\\\/pack-special-fete-des-meres-fetes-des-peres-anniversaire-avec-1-tasse-1-carte-3-stickers-coeurs-colores\\\/\",\"name\":\"Pack tasse, carte et stickers pour la f\u00eate des m\u00e8res et p\u00e8res - Nadej&#039;Art - Infusions cr\u00e9atives\",\"isPartOf\":{\"@id\":\"https:\\\/\\\/www.nadejart.fr\\\/boutique\\\/#website\"},\"primaryImageOfPage\":{\"@id\":\"https:\\\/\\\/www.nadejart.fr\\\/boutique\\\/produit\\\/pack-special-fete-des-meres-fetes-des-peres-anniversaire-avec-1-tasse-1-carte-3-stickers-coeurs-colores\\\/#primaryimage\"},\"image\":{\"@id\":\"https:\\\/\\\/www.nadejart.fr\\\/boutique\\\/produit\\\/pack-special-fete-des-meres-fetes-des-peres-anniversaire-avec-1-tasse-1-carte-3-stickers-coeurs-colores\\\/#primaryimage\"},\"thumbnailUrl\":\"https:\\\/\\\/www.nadejart.fr\\\/boutique\\\/wp-content\\\/uploads\\\/2026\\\/04\\\/mug-coeurs-couleurs2.jpg\",\"datePublished\":\"2026-04-14T14:17:47+00:00\",\"dateModified\":\"2026-04-14T15:00:16+00:00\",\"description\":\"Pour la f\u00eate des m\u00e8res (f\u00eates des p\u00e8res, anniversaire...), un pack comprenant : 1 tasse originale artistique, 1 carte pour \u00e9crire un mot + 3 stickers\",\"breadcrumb\":{\"@id\":\"https:\\\/\\\/www.nadejart.fr\\\/boutique\\\/produit\\\/pack-special-fete-des-meres-fetes-des-peres-anniversaire-avec-1-tasse-1-carte-3-stickers-coeurs-colores\\\/#breadcrumb\"},\"inLanguage\":\"fr-FR\",\"potentialAction\":[{\"@type\":\"ReadAction\",\"target\":[\"https:\\\/\\\/www.nadejart.fr\\\/boutique\\\/produit\\\/pack-special-fete-des-meres-fetes-des-peres-anniversaire-avec-1-tasse-1-carte-3-stickers-coeurs-colores\\\/\"]}]},{\"@type\":\"ImageObject\",\"inLanguage\":\"fr-FR\",\"@id\":\"https:\\\/\\\/www.nadejart.fr\\\/boutique\\\/produit\\\/pack-special-fete-des-meres-fetes-des-peres-anniversaire-avec-1-tasse-1-carte-3-stickers-coeurs-colores\\\/#primaryimage\",\"url\":\"https:\\\/\\\/www.nadejart.fr\\\/boutique\\\/wp-content\\\/uploads\\\/2026\\\/04\\\/mug-coeurs-couleurs2.jpg\",\"contentUrl\":\"https:\\\/\\\/www.nadejart.fr\\\/boutique\\\/wp-content\\\/uploads\\\/2026\\\/04\\\/mug-coeurs-couleurs2.jpg\",\"width\":600,\"height\":600,\"caption\":\"tasse en c\u00e9ramique blanche avec des c\u0153urs de toutes les couleurs\"},{\"@type\":\"BreadcrumbList\",\"@id\":\"https:\\\/\\\/www.nadejart.fr\\\/boutique\\\/produit\\\/pack-special-fete-des-meres-fetes-des-peres-anniversaire-avec-1-tasse-1-carte-3-stickers-coeurs-colores\\\/#breadcrumb\",\"itemListElement\":[{\"@type\":\"ListItem\",\"position\":1,\"name\":\"Accueil\",\"item\":\"https:\\\/\\\/www.nadejart.fr\\\/boutique\\\/\"},{\"@type\":\"ListItem\",\"position\":2,\"name\":\"Nadej&rsquo;Art &#8211; Boutique d\u2019illustratrice &#8211; Infusions cr\u00e9atives !\",\"item\":\"https:\\\/\\\/www.nadejart.fr\\\/boutique\\\/\"},{\"@type\":\"ListItem\",\"position\":3,\"name\":\"Mugs\",\"item\":\"https:\\\/\\\/www.nadejart.fr\\\/boutique\\\/categorie-produit\\\/mugs\\\/\"},{\"@type\":\"ListItem\",\"position\":4,\"name\":\"Pack sp\u00e9cial f\u00eate des m\u00e8res, f\u00eates des p\u00e8res, anniversaire avec 1 tasse + 1 carte + 3 stickers, c\u0153urs color\u00e9s\"}]},{\"@type\":\"WebSite\",\"@id\":\"https:\\\/\\\/www.nadejart.fr\\\/boutique\\\/#website\",\"url\":\"https:\\\/\\\/www.nadejart.fr\\\/boutique\\\/\",\"name\":\"Nadej'Art - Infusions cr\u00e9atives\",\"description\":\"Illustrations artiste ind\u00e9pendant\",\"publisher\":{\"@id\":\"https:\\\/\\\/www.nadejart.fr\\\/boutique\\\/#\\\/schema\\\/person\\\/cab632e7460709692c7e75bdc9db88de\"},\"alternateName\":\"Nadejart cr\u00e9ations\",\"potentialAction\":[{\"@type\":\"SearchAction\",\"target\":{\"@type\":\"EntryPoint\",\"urlTemplate\":\"https:\\\/\\\/www.nadejart.fr\\\/boutique\\\/?s={search_term_string}\"},\"query-input\":{\"@type\":\"PropertyValueSpecification\",\"valueRequired\":true,\"valueName\":\"search_term_string\"}}],\"inLanguage\":\"fr-FR\"},{\"@type\":[\"Person\",\"Organization\"],\"@id\":\"https:\\\/\\\/www.nadejart.fr\\\/boutique\\\/#\\\/schema\\\/person\\\/cab632e7460709692c7e75bdc9db88de\",\"name\":\"Cr\u00e9a Nad\",\"image\":{\"@type\":\"ImageObject\",\"inLanguage\":\"fr-FR\",\"@id\":\"https:\\\/\\\/www.nadejart.fr\\\/boutique\\\/wp-content\\\/uploads\\\/2026\\\/01\\\/cropped-Illustration_sans_titre-9.jpg\",\"url\":\"https:\\\/\\\/www.nadejart.fr\\\/boutique\\\/wp-content\\\/uploads\\\/2026\\\/01\\\/cropped-Illustration_sans_titre-9.jpg\",\"contentUrl\":\"https:\\\/\\\/www.nadejart.fr\\\/boutique\\\/wp-content\\\/uploads\\\/2026\\\/01\\\/cropped-Illustration_sans_titre-9.jpg\",\"width\":1800,\"height\":600,\"caption\":\"Cr\u00e9a Nad\"},\"logo\":{\"@id\":\"https:\\\/\\\/www.nadejart.fr\\\/boutique\\\/wp-content\\\/uploads\\\/2026\\\/01\\\/cropped-Illustration_sans_titre-9.jpg\"}}]}<\/script>\n<!-- \/ Yoast SEO plugin. -->","yoast_head_json":{"title":"Pack tasse, carte et stickers pour la f\u00eate des m\u00e8res et p\u00e8res - Nadej&#039;Art - Infusions cr\u00e9atives","description":"Pour la f\u00eate des m\u00e8res (f\u00eates des p\u00e8res, anniversaire...), un pack comprenant : 1 tasse originale artistique, 1 carte pour \u00e9crire un mot + 3 stickers","robots":{"index":"index","follow":"follow","max-snippet":"max-snippet:-1","max-image-preview":"max-image-preview:large","max-video-preview":"max-video-preview:-1"},"canonical":"https:\/\/www.nadejart.fr\/boutique\/produit\/pack-special-fete-des-meres-fetes-des-peres-anniversaire-avec-1-tasse-1-carte-3-stickers-coeurs-colores\/","og_locale":"fr_FR","og_type":"article","og_title":"Pack tasse, carte et stickers pour la f\u00eate des m\u00e8res et p\u00e8res - Nadej&#039;Art - Infusions cr\u00e9atives","og_description":"Pour la f\u00eate des m\u00e8res (f\u00eates des p\u00e8res, anniversaire...), un pack comprenant : 1 tasse originale artistique, 1 carte pour \u00e9crire un mot + 3 stickers","og_url":"https:\/\/www.nadejart.fr\/boutique\/produit\/pack-special-fete-des-meres-fetes-des-peres-anniversaire-avec-1-tasse-1-carte-3-stickers-coeurs-colores\/","og_site_name":"Nadej&#039;Art - Infusions cr\u00e9atives","article_modified_time":"2026-04-14T15:00:16+00:00","og_image":[{"width":600,"height":600,"url":"https:\/\/www.nadejart.fr\/boutique\/wp-content\/uploads\/2026\/04\/mug-coeurs-couleurs2.jpg","type":"image\/jpeg"}],"twitter_card":"summary_large_image","twitter_misc":{"Dur\u00e9e de lecture estim\u00e9e":"1 minute"},"schema":{"@context":"https:\/\/schema.org","@graph":[{"@type":"WebPage","@id":"https:\/\/www.nadejart.fr\/boutique\/produit\/pack-special-fete-des-meres-fetes-des-peres-anniversaire-avec-1-tasse-1-carte-3-stickers-coeurs-colores\/","url":"https:\/\/www.nadejart.fr\/boutique\/produit\/pack-special-fete-des-meres-fetes-des-peres-anniversaire-avec-1-tasse-1-carte-3-stickers-coeurs-colores\/","name":"Pack tasse, carte et stickers pour la f\u00eate des m\u00e8res et p\u00e8res - Nadej&#039;Art - Infusions cr\u00e9atives","isPartOf":{"@id":"https:\/\/www.nadejart.fr\/boutique\/#website"},"primaryImageOfPage":{"@id":"https:\/\/www.nadejart.fr\/boutique\/produit\/pack-special-fete-des-meres-fetes-des-peres-anniversaire-avec-1-tasse-1-carte-3-stickers-coeurs-colores\/#primaryimage"},"image":{"@id":"https:\/\/www.nadejart.fr\/boutique\/produit\/pack-special-fete-des-meres-fetes-des-peres-anniversaire-avec-1-tasse-1-carte-3-stickers-coeurs-colores\/#primaryimage"},"thumbnailUrl":"https:\/\/www.nadejart.fr\/boutique\/wp-content\/uploads\/2026\/04\/mug-coeurs-couleurs2.jpg","datePublished":"2026-04-14T14:17:47+00:00","dateModified":"2026-04-14T15:00:16+00:00","description":"Pour la f\u00eate des m\u00e8res (f\u00eates des p\u00e8res, anniversaire...), un pack comprenant : 1 tasse originale artistique, 1 carte pour \u00e9crire un mot + 3 stickers","breadcrumb":{"@id":"https:\/\/www.nadejart.fr\/boutique\/produit\/pack-special-fete-des-meres-fetes-des-peres-anniversaire-avec-1-tasse-1-carte-3-stickers-coeurs-colores\/#breadcrumb"},"inLanguage":"fr-FR","potentialAction":[{"@type":"ReadAction","target":["https:\/\/www.nadejart.fr\/boutique\/produit\/pack-special-fete-des-meres-fetes-des-peres-anniversaire-avec-1-tasse-1-carte-3-stickers-coeurs-colores\/"]}]},{"@type":"ImageObject","inLanguage":"fr-FR","@id":"https:\/\/www.nadejart.fr\/boutique\/produit\/pack-special-fete-des-meres-fetes-des-peres-anniversaire-avec-1-tasse-1-carte-3-stickers-coeurs-colores\/#primaryimage","url":"https:\/\/www.nadejart.fr\/boutique\/wp-content\/uploads\/2026\/04\/mug-coeurs-couleurs2.jpg","contentUrl":"https:\/\/www.nadejart.fr\/boutique\/wp-content\/uploads\/2026\/04\/mug-coeurs-couleurs2.jpg","width":600,"height":600,"caption":"tasse en c\u00e9ramique blanche avec des c\u0153urs de toutes les couleurs"},{"@type":"BreadcrumbList","@id":"https:\/\/www.nadejart.fr\/boutique\/produit\/pack-special-fete-des-meres-fetes-des-peres-anniversaire-avec-1-tasse-1-carte-3-stickers-coeurs-colores\/#breadcrumb","itemListElement":[{"@type":"ListItem","position":1,"name":"Accueil","item":"https:\/\/www.nadejart.fr\/boutique\/"},{"@type":"ListItem","position":2,"name":"Nadej&rsquo;Art &#8211; Boutique d\u2019illustratrice &#8211; Infusions cr\u00e9atives !","item":"https:\/\/www.nadejart.fr\/boutique\/"},{"@type":"ListItem","position":3,"name":"Mugs","item":"https:\/\/www.nadejart.fr\/boutique\/categorie-produit\/mugs\/"},{"@type":"ListItem","position":4,"name":"Pack sp\u00e9cial f\u00eate des m\u00e8res, f\u00eates des p\u00e8res, anniversaire avec 1 tasse + 1 carte + 3 stickers, c\u0153urs color\u00e9s"}]},{"@type":"WebSite","@id":"https:\/\/www.nadejart.fr\/boutique\/#website","url":"https:\/\/www.nadejart.fr\/boutique\/","name":"Nadej'Art - Infusions cr\u00e9atives","description":"Illustrations artiste ind\u00e9pendant","publisher":{"@id":"https:\/\/www.nadejart.fr\/boutique\/#\/schema\/person\/cab632e7460709692c7e75bdc9db88de"},"alternateName":"Nadejart cr\u00e9ations","potentialAction":[{"@type":"SearchAction","target":{"@type":"EntryPoint","urlTemplate":"https:\/\/www.nadejart.fr\/boutique\/?s={search_term_string}"},"query-input":{"@type":"PropertyValueSpecification","valueRequired":true,"valueName":"search_term_string"}}],"inLanguage":"fr-FR"},{"@type":["Person","Organization"],"@id":"https:\/\/www.nadejart.fr\/boutique\/#\/schema\/person\/cab632e7460709692c7e75bdc9db88de","name":"Cr\u00e9a Nad","image":{"@type":"ImageObject","inLanguage":"fr-FR","@id":"https:\/\/www.nadejart.fr\/boutique\/wp-content\/uploads\/2026\/01\/cropped-Illustration_sans_titre-9.jpg","url":"https:\/\/www.nadejart.fr\/boutique\/wp-content\/uploads\/2026\/01\/cropped-Illustration_sans_titre-9.jpg","contentUrl":"https:\/\/www.nadejart.fr\/boutique\/wp-content\/uploads\/2026\/01\/cropped-Illustration_sans_titre-9.jpg","width":1800,"height":600,"caption":"Cr\u00e9a Nad"},"logo":{"@id":"https:\/\/www.nadejart.fr\/boutique\/wp-content\/uploads\/2026\/01\/cropped-Illustration_sans_titre-9.jpg"}}]}},"_links":{"self":[{"href":"https:\/\/www.nadejart.fr\/boutique\/wp-json\/wp\/v2\/product\/7818","targetHints":{"allow":["GET"]}}],"collection":[{"href":"https:\/\/www.nadejart.fr\/boutique\/wp-json\/wp\/v2\/product"}],"about":[{"href":"https:\/\/www.nadejart.fr\/boutique\/wp-json\/wp\/v2\/types\/product"}],"replies":[{"embeddable":true,"href":"https:\/\/www.nadejart.fr\/boutique\/wp-json\/wp\/v2\/comments?post=7818"}],"wp:featuredmedia":[{"embeddable":true,"href":"https:\/\/www.nadejart.fr\/boutique\/wp-json\/wp\/v2\/media\/7803"}],"wp:attachment":[{"href":"https:\/\/www.nadejart.fr\/boutique\/wp-json\/wp\/v2\/media?parent=7818"}],"wp:term":[{"taxonomy":"product_brand","embeddable":true,"href":"https:\/\/www.nadejart.fr\/boutique\/wp-json\/wp\/v2\/product_brand?post=7818"},{"taxonomy":"product_cat","embeddable":true,"href":"https:\/\/www.nadejart.fr\/boutique\/wp-json\/wp\/v2\/product_cat?post=7818"},{"taxonomy":"product_tag","embeddable":true,"href":"https:\/\/www.nadejart.fr\/boutique\/wp-json\/wp\/v2\/product_tag?post=7818"}],"curies":[{"name":"wp","href":"https:\/\/api.w.org\/{rel}","templated":true}]}}